{"id":8425,"date":"2016-03-19T16:53:55","date_gmt":"2016-03-19T16:53:55","guid":{"rendered":"http:\/\/andromeda-buecher.de\/buch2\/shop\/kein-friedensvertrag-fuer-deutschland\/"},"modified":"2021-03-01T15:45:15","modified_gmt":"2021-03-01T14:45:15","slug":"kein-friedensvertrag-fuer-deutschland","status":"publish","type":"product","link":"http:\/\/andromeda-buecher.de\/buch2\/produkt\/kein-friedensvertrag-fuer-deutschland\/","title":{"rendered":"Warum Hat Deutschland keinen Friedensvertrag? Kein Friedensvertrag f\u00fcr Deutschland?"},"content":{"rendered":"<p>Warum hat Deutschland keinen Friedensvertrag? Diese Frage stellen sich viele Deutsche&#8230;<\/p>\n<p>&nbsp;<\/p>\n<p>&nbsp;<\/p>\n<p>von Dr. Iwan G\u00f6tz<\/p>\n<p>Diese Schrift rollt die Vergangenheit bis kurz nach dem II. Weltkrieg auf und<br \/>\nenth\u00fcllt z.<br \/>\nB. die Existenz von Vertr\u00e4gen, welche die deutschen<br \/>\nKriegsgegner zwischen<br \/>\n1947 und 1949 \u2013 also zu einer Zeit als Deutschland<br \/>\nv\u00f6llig zerst\u00f6rt am Boden<br \/>\nlag und jeder Quadratzentimeter des Deutschen<br \/>\nReiches von den Feinden<br \/>\nmilit\u00e4risch besetzt war \u2013 untereinander gegen<br \/>\ndas Deutsche Reich<br \/>\nabschlossen.<br \/>\nGegen ein Deutsches Reich, das komplett von den Feinden erledigt<br \/>\nwurde.<br \/>\nUnd zwar auf physischer wie auf psychischer Seite.<br \/>\nOder stimmt da<br \/>\nvielleicht so einiges nicht? Wozu k\u00f6nnten die Vertr\u00e4ge<br \/>\ndenn sonst n\u00fctzlich<br \/>\nsein \u2013 so kurz nach dem Kriege?<\/p>\n<p>Die Wahrheit l\u00e4sst sich nicht ewig unterdr\u00fccken, denn wer von der<br \/>\nL\u00fcge lebt, mu\u00df die Wahrheit f\u00fcrchten!<\/p>\n<p>38 Seiten, \u20acGR32<\/p>\n","protected":false},"excerpt":{"rendered":"<p>Warum hat Deutschland keinen Friedensvertrag? Diese Frage stellen sich viele Deutsche&#8230; &nbsp; &nbsp; von Dr. Iwan G\u00f6tz Diese Schrift rollt die Vergangenheit bis kurz nach dem II. Weltkrieg auf und enth\u00fcllt z. B. die Existenz von Vertr\u00e4gen, welche die deutschen Kriegsgegner zwischen 1947 und 1949 \u2013 also zu einer Zeit als Deutschland v\u00f6llig zerst\u00f6rt am [&hellip;]<\/p>\n","protected":false},"featured_media":12054,"comment_status":"closed","ping_status":"closed","template":"","meta":[],"product_cat":[236],"product_tag":[],"_links":{"self":[{"href":"http:\/\/andromeda-buecher.de\/buch2\/wp-json\/wp\/v2\/product\/8425"}],"collection":[{"href":"http:\/\/andromeda-buecher.de\/buch2\/wp-json\/wp\/v2\/product"}],"about":[{"href":"http:\/\/andromeda-buecher.de\/buch2\/wp-json\/wp\/v2\/types\/product"}],"replies":[{"embeddable":true,"href":"http:\/\/andromeda-buecher.de\/buch2\/wp-json\/wp\/v2\/comments?post=8425"}],"wp:featuredmedia":[{"embeddable":true,"href":"http:\/\/andromeda-buecher.de\/buch2\/wp-json\/wp\/v2\/media\/12054"}],"wp:attachment":[{"href":"http:\/\/andromeda-buecher.de\/buch2\/wp-json\/wp\/v2\/media?parent=8425"}],"wp:term":[{"taxonomy":"product_cat","embeddable":true,"href":"http:\/\/andromeda-buecher.de\/buch2\/wp-json\/wp\/v2\/product_cat?post=8425"},{"taxonomy":"product_tag","embeddable":true,"href":"http:\/\/andromeda-buecher.de\/buch2\/wp-json\/wp\/v2\/product_tag?post=8425"}],"curies":[{"name":"wp","href":"https:\/\/api.w.org\/{rel}","templated":true}]}}