{"id":10040,"date":"2016-03-19T17:08:13","date_gmt":"2016-03-19T17:08:13","guid":{"rendered":"http:\/\/andromeda-buecher.de\/buch2\/shop\/teutschland-eine-spurensuche-im-16-jahrhundert\/"},"modified":"2016-03-26T20:16:02","modified_gmt":"2016-03-26T19:16:02","slug":"teutschland-eine-spurensuche-im-16-jahrhundert","status":"publish","type":"product","link":"http:\/\/andromeda-buecher.de\/buch2\/produkt\/teutschland-eine-spurensuche-im-16-jahrhundert\/","title":{"rendered":"Teutschland: Eine Spurensuche im 16. Jahrhundert"},"content":{"rendered":"<p><span class=\"\">Lau, Thomas<\/span><\/p>\n<p><span class=\"\">Teutschland<\/span><\/p>\n<p><span class=\"\">Eine Spurensuche im 16. Jahrhundert<\/span><\/p>\n<p><span class=\"\">2010. 1. Auflage<\/span><\/p>\n<p><span class=\"\">192 Seiten. 14,5 x 21 cm. Gebunden mit Schutzumschlag<\/span><\/p>\n<p><span class=\"\">ISBN 978-3-8062-2376-7<\/span><\/p>\n<p><span class=\"\">\u00a0<\/span><\/p>\n<p>&nbsp;<\/p>\n<h3 class=\"\">Kurzbeschreibung<\/h3>\n<div class=\"\">In einer brillanten historischen Analyse zeigt Thomas Lau, dass ein<br \/>\ndeutsches Nationalgef\u00fchl nicht erst im Nationalismus des 19.<br \/>\nJahrhunderts entstand, sondern dass man bereits 300 Jahre fr\u00fcher, im<br \/>\nZeitalter der Reformation und der Glaubenskriege, von einer &#8222;Geburt der<br \/>\ndeutschen Nation&#8220; sprechen kann. Die Deutschen: Seit wann gibt es sie<br \/>\nund wann nahmen sie sich erstmals als solche wahr? Bereits der Chronist<br \/>\nAventinus (1477-1534) verwendet den Begriff &#8222;Teutschland&#8220; mit<br \/>\nerstaunlicher Gel\u00e4ufigkeit. F\u00fcr ihn und auch f\u00fcr andere Autoren seiner<br \/>\nZeit stand damals schon au\u00dfer Frage: Eine deutsche Nation mit<br \/>\ngemeinsamer Geschichte, gemeinsamen Werten, einem Sinn f\u00fcr das<br \/>\ngemeinsame Vaterland existiert. Das war lange vor dem Siegeszug des<br \/>\nNationalismus im 19. Jahrhundert. In der Zeit zwischen Luthers 95 Thesen<br \/>\nund dem Grauen des Drei\u00dfigj\u00e4hrigen Krieges begannen viele Menschen in<br \/>\nder Mitte Europas, sich als Deutsche wahrzunehmen. Doch wie entwickelte<br \/>\nsich ihr Selbstbild in dieser Zeit und wie unterschied es sich von dem<br \/>\nsp\u00e4terer Jahrhunderte? Thomas Lau nimmt die F\u00e4hrte dieser Ver\u00e4nderungen<br \/>\nauf mit \u00fcberraschenden Ergebnissen zu einer der wichtigsten Streitfragen<br \/>\nder deutschen Geschichte.<\/p>\n<div class=\"\"><\/div>\n<\/div>\n<h3 class=\"\">\u00dcber den Autor<\/h3>\n<p>Thomas Lau, geboren 1967, lehrt als Privatdozent Geschichte der<br \/>\nNeuzeit an der Universit\u00e4t Freiburg (CH). Schwerpunkte seiner<br \/>\nForschungen bilden die Geschichte des Nationalismus, die<br \/>\nSodomitenforschung , sowie die Sozial- und Verfassungsgeschichte des<br \/>\nAlten Reiches.<\/p>\n<p>&nbsp;<\/p>\n<p>&nbsp;<\/p>\n<ul>\n<li><b>Gebundene Ausgabe:<\/b> 188 Seiten<\/li>\n<li><b>Verlag:<\/b> Theiss (September 2010)<\/li>\n<li><b>Sprache:<\/b> Deutsch<\/li>\n<li><b>ISBN-10:<\/b> 3806223769<\/li>\n<li><b>ISBN-13:<\/b> 978-3806223767<\/li>\n<\/ul>\n<p>&nbsp;<\/p>\n<p>&nbsp;<\/p>\n","protected":false},"excerpt":{"rendered":"<p>Lau, Thomas Teutschland Eine Spurensuche im 16. Jahrhundert 2010. 1. Auflage 192 Seiten. 14,5 x 21 cm. Gebunden mit Schutzumschlag ISBN 978-3-8062-2376-7 \u00a0 &nbsp; Kurzbeschreibung In einer brillanten historischen Analyse zeigt Thomas Lau, dass ein deutsches Nationalgef\u00fchl nicht erst im Nationalismus des 19. Jahrhunderts entstand, sondern dass man bereits 300 Jahre fr\u00fcher, im Zeitalter der [&hellip;]<\/p>\n","protected":false},"featured_media":14102,"comment_status":"closed","ping_status":"closed","template":"","meta":[],"product_cat":[154],"product_tag":[],"_links":{"self":[{"href":"http:\/\/andromeda-buecher.de\/buch2\/wp-json\/wp\/v2\/product\/10040"}],"collection":[{"href":"http:\/\/andromeda-buecher.de\/buch2\/wp-json\/wp\/v2\/product"}],"about":[{"href":"http:\/\/andromeda-buecher.de\/buch2\/wp-json\/wp\/v2\/types\/product"}],"replies":[{"embeddable":true,"href":"http:\/\/andromeda-buecher.de\/buch2\/wp-json\/wp\/v2\/comments?post=10040"}],"wp:featuredmedia":[{"embeddable":true,"href":"http:\/\/andromeda-buecher.de\/buch2\/wp-json\/wp\/v2\/media\/14102"}],"wp:attachment":[{"href":"http:\/\/andromeda-buecher.de\/buch2\/wp-json\/wp\/v2\/media?parent=10040"}],"wp:term":[{"taxonomy":"product_cat","embeddable":true,"href":"http:\/\/andromeda-buecher.de\/buch2\/wp-json\/wp\/v2\/product_cat?post=10040"},{"taxonomy":"product_tag","embeddable":true,"href":"http:\/\/andromeda-buecher.de\/buch2\/wp-json\/wp\/v2\/product_tag?post=10040"}],"curies":[{"name":"wp","href":"https:\/\/api.w.org\/{rel}","templated":true}]}}